{"id":27928,"date":"2022-12-06T13:46:52","date_gmt":"2022-12-06T13:46:52","guid":{"rendered":"https:\/\/www.radper.com\/produit\/casque-avec-ecran-facial-integre-blanc-mo-185-bl-catu\/"},"modified":"2025-08-11T10:17:45","modified_gmt":"2025-08-11T10:17:45","slug":"casque-avec-ecran-facial-integre-blanc-mo-185-bl-catu","status":"publish","type":"product","link":"https:\/\/www.radper.com\/fr\/catalogues\/epi-outillage\/epi\/protection-des-yeux-et-de-la-tete-equipements-de-securite\/casque-avec-ecran-facial-integre-blanc-mo-185-bl-catu\/","title":{"rendered":"Casque avec \u00e9cran facial int\u00e9gr\u00e9 blanc MO-185-BL CATU"},"content":{"rendered":"<h3 data-start=\"549\" data-end=\"624\"><strong data-start=\"552\" data-end=\"624\">Casque isolant avec \u00e9cran facial arc-flash Classe 1 \u2013 MO-185-BL CATU<\/strong><\/h3>\n<p data-start=\"626\" data-end=\"1071\">Le <strong data-start=\"629\" data-end=\"654\">casque MO-185-BL CATU<\/strong> assure une protection compl\u00e8te de la t\u00eate et du visage contre les <strong data-start=\"721\" data-end=\"744\">risques \u00e9lectriques<\/strong> et les <strong data-start=\"752\" data-end=\"788\">effets thermiques d\u2019un arc-flash<\/strong>. Destin\u00e9 aux professionnels de l\u2019\u00e9lectricit\u00e9, il combine <strong data-start=\"846\" data-end=\"870\">isolation \u00e9lectrique<\/strong>, <strong data-start=\"872\" data-end=\"896\">r\u00e9sistance m\u00e9canique<\/strong> et <strong data-start=\"900\" data-end=\"919\">confort de port<\/strong>. Sa <strong data-start=\"924\" data-end=\"942\">coque isolante<\/strong> et son <strong data-start=\"950\" data-end=\"974\">\u00e9cran facial int\u00e9gr\u00e9<\/strong> garantissent une s\u00e9curit\u00e9 optimale, une <strong data-start=\"1015\" data-end=\"1040\">excellente visibilit\u00e9<\/strong> et un port prolong\u00e9 sans g\u00eane.<\/p>\n<h3 data-start=\"1078\" data-end=\"1116\"><strong data-start=\"1082\" data-end=\"1116\">Utilisation (casque MO-185-BL)<\/strong><\/h3>\n<ul data-start=\"1117\" data-end=\"1499\">\n<li data-start=\"1117\" data-end=\"1227\">\n<p data-start=\"1119\" data-end=\"1227\">Protection de la t\u00eate et du visage lors de <strong data-start=\"1162\" data-end=\"1186\">travaux sous tension<\/strong> ou \u00e0 proximit\u00e9 de sources \u00e9lectriques.<\/p>\n<\/li>\n<li data-start=\"1228\" data-end=\"1273\">\n<p data-start=\"1230\" data-end=\"1273\">Isolation jusqu\u2019\u00e0 <strong data-start=\"1248\" data-end=\"1257\">20 kV<\/strong> (norme ANSI).<\/p>\n<\/li>\n<li data-start=\"1274\" data-end=\"1387\">\n<p data-start=\"1276\" data-end=\"1387\">Protection contre les dangers thermiques d\u2019un arc \u00e9lectrique de court-circuit (<strong data-start=\"1355\" data-end=\"1383\">Classe 1 \u2013 CEI 61482-1-2<\/strong>).<\/p>\n<\/li>\n<li data-start=\"1388\" data-end=\"1499\">\n<p data-start=\"1390\" data-end=\"1499\">Convient aux environnements <strong data-start=\"1418\" data-end=\"1433\">industriels<\/strong>, aux <strong data-start=\"1439\" data-end=\"1461\">postes \u00e9lectriques<\/strong> et aux <strong data-start=\"1469\" data-end=\"1498\">interventions sur r\u00e9seaux<\/strong>.<\/p>\n<\/li>\n<\/ul>\n<h3 data-start=\"1506\" data-end=\"1532\"><strong data-start=\"1510\" data-end=\"1532\">Normes et S\u00e9curit\u00e9<\/strong><\/h3>\n<p data-start=\"1533\" data-end=\"1717\">Le casque MO-185-BL CATU est con\u00e7u pour offrir une <strong data-start=\"1584\" data-end=\"1607\">protection maximale<\/strong> lors d\u2019interventions \u00e9lectriques et contre les <strong data-start=\"1655\" data-end=\"1683\">risques d\u2019arc \u00e9lectrique<\/strong>.<br data-start=\"1684\" data-end=\"1687\" \/>Il est conforme aux normes :<\/p>\n<ul data-start=\"1718\" data-end=\"1999\">\n<li data-start=\"1718\" data-end=\"1779\">\n<p data-start=\"1720\" data-end=\"1779\"><strong data-start=\"1720\" data-end=\"1730\">EN 397<\/strong> (protection contre impacts et isolement 440 V)<\/p>\n<\/li>\n<li data-start=\"1780\" data-end=\"1832\">\n<p data-start=\"1782\" data-end=\"1832\"><strong data-start=\"1782\" data-end=\"1794\">EN 50365<\/strong> (isolation 1 000 V AC \/ 1 500 V DC)<\/p>\n<\/li>\n<li data-start=\"1833\" data-end=\"1876\">\n<p data-start=\"1835\" data-end=\"1876\"><strong data-start=\"1835\" data-end=\"1843\">ANSI<\/strong> (coque isolante jusqu\u2019\u00e0 20 kV)<\/p>\n<\/li>\n<li data-start=\"1877\" data-end=\"1942\">\n<p data-start=\"1879\" data-end=\"1942\"><strong data-start=\"1879\" data-end=\"1896\">CEI 61482-1-2<\/strong> Classe 1 (arc-flash 4 kA \u2013 500 ms \u00e0 300 mm)<\/p>\n<\/li>\n<li data-start=\"1943\" data-end=\"1959\">\n<p data-start=\"1945\" data-end=\"1959\"><strong data-start=\"1945\" data-end=\"1957\">GS-ET 29<\/strong><\/p>\n<\/li>\n<li data-start=\"1960\" data-end=\"1999\">\n<p data-start=\"1962\" data-end=\"1999\">Normes optiques <strong data-start=\"1978\" data-end=\"1997\">EN 166 \/ EN 170<\/strong><\/p>\n<\/li>\n<\/ul>\n<p data-start=\"2001\" data-end=\"2242\">La <strong data-start=\"2004\" data-end=\"2044\">coque en polypropyl\u00e8ne haute densit\u00e9<\/strong> r\u00e9siste aux chocs m\u00e9caniques et aux contacts \u00e9lectriques. Elle est \u00e9quip\u00e9e d\u2019une <strong data-start=\"2126\" data-end=\"2167\">coiffe textile \u00e0 six points d\u2019ancrage<\/strong> et d\u2019une <strong data-start=\"2177\" data-end=\"2218\">jugulaire \u00e0 quatre points de fixation<\/strong> pour un maintien s\u00fbr.<\/p>\n<p data-start=\"2244\" data-end=\"2522\">L\u2019<strong data-start=\"2246\" data-end=\"2274\">\u00e9cran facial panoramique<\/strong> en polycarbonate, trait\u00e9 anti-rayure et anti-bu\u00e9e, prot\u00e8ge contre les <strong data-start=\"2345\" data-end=\"2360\">projections<\/strong>, les <strong data-start=\"2366\" data-end=\"2372\">UV<\/strong>, la <strong data-start=\"2377\" data-end=\"2388\">chaleur<\/strong> et l\u2019<strong data-start=\"2394\" data-end=\"2435\">\u00e9nergie d\u00e9gag\u00e9e par un arc \u00e9lectrique<\/strong>. Ce mod\u00e8le est certifi\u00e9 <strong data-start=\"2460\" data-end=\"2475\">Certotticca<\/strong> (n\u00b002041), gage de conformit\u00e9 et de fiabilit\u00e9.<\/p>\n<h3 data-start=\"2529\" data-end=\"2564\"><strong data-start=\"2533\" data-end=\"2564\">Environnement et Durabilit\u00e9<\/strong><\/h3>\n<p data-start=\"2565\" data-end=\"2842\">Le casque est fabriqu\u00e9 en <strong data-start=\"2591\" data-end=\"2622\">polypropyl\u00e8ne haute densit\u00e9<\/strong> et <strong data-start=\"2626\" data-end=\"2643\">polycarbonate<\/strong>, deux mat\u00e9riaux r\u00e9sistants et durables. Cette conception r\u00e9duit la fr\u00e9quence de remplacement et <strong data-start=\"2740\" data-end=\"2762\">limite les d\u00e9chets<\/strong>.<br data-start=\"2763\" data-end=\"2766\" \/>Sa <strong data-start=\"2769\" data-end=\"2813\">dur\u00e9e d\u2019utilisation recommand\u00e9e de 5 ans<\/strong> optimise son cycle de vie.<\/p>\n<p data-start=\"2844\" data-end=\"3270\">L\u2019<strong data-start=\"2846\" data-end=\"2875\">\u00e9cran r\u00e9tractable int\u00e9gr\u00e9<\/strong> \u00e9vite l\u2019usage d\u2019\u00e9quipements de protection faciale s\u00e9par\u00e9s, diminuant ainsi la consommation de ressources. Les mat\u00e9riaux utilis\u00e9s sont <strong data-start=\"3010\" data-end=\"3039\">recyclables en fin de vie<\/strong>, conform\u00e9ment aux bonnes pratiques de gestion des d\u00e9chets d\u2019EPI.<br data-start=\"3104\" data-end=\"3107\" \/>La <strong data-start=\"3110\" data-end=\"3124\">robustesse<\/strong> du casque et l\u2019optimisation de sa fabrication contribuent \u00e0 <strong data-start=\"3185\" data-end=\"3221\">r\u00e9duire l\u2019impact environnemental<\/strong> li\u00e9 au renouvellement pr\u00e9matur\u00e9 des \u00e9quipements.<\/p>\n","protected":false},"excerpt":{"rendered":"<p>MO-185-BL<\/p>\n","protected":false},"featured_media":27218,"template":"","meta":{"_acf_changed":false},"product_brand":[],"product_cat":[9970],"product_tag":[],"class_list":{"0":"post-27928","1":"product","2":"type-product","3":"status-publish","4":"has-post-thumbnail","6":"product_cat-protection-des-yeux-et-de-la-tete-equipements-de-securite","7":"pa_marque-catu","9":"first","10":"outofstock","11":"featured","12":"taxable","13":"shipping-taxable","14":"purchasable","15":"product-type-simple"},"acf":[],"yoast_head":"<!-- This site is optimized with the Yoast SEO plugin v26.2 - https:\/\/yoast.com\/wordpress\/plugins\/seo\/ -->\n<title>Casque avec \u00e9cran facial int\u00e9gr\u00e9 blanc MO-185-BL CATU - Radper<\/title>\n<meta name=\"description\" content=\"Casque MO-185-BL CATU avec \u00e9cran facial Classe 1. Protection arc-flash, isolation jusqu\u2019\u00e0 20 kV, confort et s\u00e9curit\u00e9 pour \u00e9lectriciens.\" \/>\n<meta name=\"robots\" content=\"index, follow, max-snippet:-1, max-image-preview:large, max-video-preview:-1\" \/>\n<link rel=\"canonical\" href=\"https:\/\/www.radper.com\/fr\/catalogues\/epi-outillage\/epi\/protection-des-yeux-et-de-la-tete-equipements-de-securite\/casque-avec-ecran-facial-integre-blanc-mo-185-bl-catu\/\" \/>\n<meta property=\"og:locale\" content=\"fr_FR\" \/>\n<meta property=\"og:type\" content=\"article\" \/>\n<meta property=\"og:title\" content=\"Casque avec \u00e9cran facial int\u00e9gr\u00e9 blanc MO-185-BL CATU - Radper\" \/>\n<meta property=\"og:description\" content=\"Casque MO-185-BL CATU avec \u00e9cran facial Classe 1. Protection arc-flash, isolation jusqu\u2019\u00e0 20 kV, confort et s\u00e9curit\u00e9 pour \u00e9lectriciens.\" \/>\n<meta property=\"og:url\" content=\"https:\/\/www.radper.com\/fr\/catalogues\/epi-outillage\/epi\/protection-des-yeux-et-de-la-tete-equipements-de-securite\/casque-avec-ecran-facial-integre-blanc-mo-185-bl-catu\/\" \/>\n<meta property=\"og:site_name\" content=\"Radper\" \/>\n<meta property=\"article:modified_time\" content=\"2025-08-11T10:17:45+00:00\" \/>\n<meta property=\"og:image\" content=\"https:\/\/www.radper.com\/wp-content\/uploads\/2022\/12\/CATU_MO-185-BL_PIC001.jpg\" \/>\n\t<meta property=\"og:image:width\" content=\"600\" \/>\n\t<meta property=\"og:image:height\" content=\"600\" \/>\n\t<meta property=\"og:image:type\" content=\"image\/jpeg\" \/>\n<meta name=\"twitter:card\" content=\"summary_large_image\" \/>\n<meta name=\"twitter:label1\" content=\"Dur\u00e9e de lecture estim\u00e9e\" \/>\n\t<meta name=\"twitter:data1\" content=\"3 minutes\" \/>\n<script type=\"application\/ld+json\" class=\"yoast-schema-graph\">{\"@context\":\"https:\/\/schema.org\",\"@graph\":[{\"@type\":\"WebPage\",\"@id\":\"https:\/\/www.radper.com\/fr\/catalogues\/epi-outillage\/epi\/protection-des-yeux-et-de-la-tete-equipements-de-securite\/casque-avec-ecran-facial-integre-blanc-mo-185-bl-catu\/\",\"url\":\"https:\/\/www.radper.com\/fr\/catalogues\/epi-outillage\/epi\/protection-des-yeux-et-de-la-tete-equipements-de-securite\/casque-avec-ecran-facial-integre-blanc-mo-185-bl-catu\/\",\"name\":\"Casque avec \u00e9cran facial int\u00e9gr\u00e9 blanc MO-185-BL CATU - Radper\",\"isPartOf\":{\"@id\":\"https:\/\/www.radper.com\/fr\/#website\"},\"primaryImageOfPage\":{\"@id\":\"https:\/\/www.radper.com\/fr\/catalogues\/epi-outillage\/epi\/protection-des-yeux-et-de-la-tete-equipements-de-securite\/casque-avec-ecran-facial-integre-blanc-mo-185-bl-catu\/#primaryimage\"},\"image\":{\"@id\":\"https:\/\/www.radper.com\/fr\/catalogues\/epi-outillage\/epi\/protection-des-yeux-et-de-la-tete-equipements-de-securite\/casque-avec-ecran-facial-integre-blanc-mo-185-bl-catu\/#primaryimage\"},\"thumbnailUrl\":\"https:\/\/www.radper.com\/wp-content\/uploads\/2022\/12\/CATU_MO-185-BL_PIC001.jpg\",\"datePublished\":\"2022-12-06T13:46:52+00:00\",\"dateModified\":\"2025-08-11T10:17:45+00:00\",\"description\":\"Casque MO-185-BL CATU avec \u00e9cran facial Classe 1. Protection arc-flash, isolation jusqu\u2019\u00e0 20 kV, confort et s\u00e9curit\u00e9 pour \u00e9lectriciens.\",\"breadcrumb\":{\"@id\":\"https:\/\/www.radper.com\/fr\/catalogues\/epi-outillage\/epi\/protection-des-yeux-et-de-la-tete-equipements-de-securite\/casque-avec-ecran-facial-integre-blanc-mo-185-bl-catu\/#breadcrumb\"},\"inLanguage\":\"fr-FR\",\"potentialAction\":[{\"@type\":\"ReadAction\",\"target\":[\"https:\/\/www.radper.com\/fr\/catalogues\/epi-outillage\/epi\/protection-des-yeux-et-de-la-tete-equipements-de-securite\/casque-avec-ecran-facial-integre-blanc-mo-185-bl-catu\/\"]}]},{\"@type\":\"ImageObject\",\"inLanguage\":\"fr-FR\",\"@id\":\"https:\/\/www.radper.com\/fr\/catalogues\/epi-outillage\/epi\/protection-des-yeux-et-de-la-tete-equipements-de-securite\/casque-avec-ecran-facial-integre-blanc-mo-185-bl-catu\/#primaryimage\",\"url\":\"https:\/\/www.radper.com\/wp-content\/uploads\/2022\/12\/CATU_MO-185-BL_PIC001.jpg\",\"contentUrl\":\"https:\/\/www.radper.com\/wp-content\/uploads\/2022\/12\/CATU_MO-185-BL_PIC001.jpg\",\"width\":600,\"height\":600},{\"@type\":\"BreadcrumbList\",\"@id\":\"https:\/\/www.radper.com\/fr\/catalogues\/epi-outillage\/epi\/protection-des-yeux-et-de-la-tete-equipements-de-securite\/casque-avec-ecran-facial-integre-blanc-mo-185-bl-catu\/#breadcrumb\",\"itemListElement\":[{\"@type\":\"ListItem\",\"position\":1,\"name\":\"Accueil\",\"item\":\"https:\/\/www.radper.com\/fr\/\"},{\"@type\":\"ListItem\",\"position\":2,\"name\":\"Catalogue\",\"item\":\"https:\/\/www.radper.com\/fr\/catalogue\/\"},{\"@type\":\"ListItem\",\"position\":3,\"name\":\"Casque avec \u00e9cran facial int\u00e9gr\u00e9 blanc MO-185-BL CATU\"}]},{\"@type\":\"WebSite\",\"@id\":\"https:\/\/www.radper.com\/fr\/#website\",\"url\":\"https:\/\/www.radper.com\/fr\/\",\"name\":\"Radper\",\"description\":\"\",\"publisher\":{\"@id\":\"https:\/\/www.radper.com\/fr\/#organization\"},\"potentialAction\":[{\"@type\":\"SearchAction\",\"target\":{\"@type\":\"EntryPoint\",\"urlTemplate\":\"https:\/\/www.radper.com\/fr\/?s={search_term_string}\"},\"query-input\":{\"@type\":\"PropertyValueSpecification\",\"valueRequired\":true,\"valueName\":\"search_term_string\"}}],\"inLanguage\":\"fr-FR\"},{\"@type\":\"Organization\",\"@id\":\"https:\/\/www.radper.com\/fr\/#organization\",\"name\":\"radper\",\"url\":\"https:\/\/www.radper.com\/fr\/\",\"logo\":{\"@type\":\"ImageObject\",\"inLanguage\":\"fr-FR\",\"@id\":\"https:\/\/www.radper.com\/fr\/#\/schema\/logo\/image\/\",\"url\":\"https:\/\/radper.com\/wp-content\/uploads\/2021\/04\/logo-wide-11.png\",\"contentUrl\":\"https:\/\/radper.com\/wp-content\/uploads\/2021\/04\/logo-wide-11.png\",\"width\":250,\"height\":110,\"caption\":\"radper\"},\"image\":{\"@id\":\"https:\/\/www.radper.com\/fr\/#\/schema\/logo\/image\/\"}}]}<\/script>\n<!-- \/ Yoast SEO plugin. -->","yoast_head_json":{"title":"Casque avec \u00e9cran facial int\u00e9gr\u00e9 blanc MO-185-BL CATU - Radper","description":"Casque MO-185-BL CATU avec \u00e9cran facial Classe 1. Protection arc-flash, isolation jusqu\u2019\u00e0 20 kV, confort et s\u00e9curit\u00e9 pour \u00e9lectriciens.","robots":{"index":"index","follow":"follow","max-snippet":"max-snippet:-1","max-image-preview":"max-image-preview:large","max-video-preview":"max-video-preview:-1"},"canonical":"https:\/\/www.radper.com\/fr\/catalogues\/epi-outillage\/epi\/protection-des-yeux-et-de-la-tete-equipements-de-securite\/casque-avec-ecran-facial-integre-blanc-mo-185-bl-catu\/","og_locale":"fr_FR","og_type":"article","og_title":"Casque avec \u00e9cran facial int\u00e9gr\u00e9 blanc MO-185-BL CATU - Radper","og_description":"Casque MO-185-BL CATU avec \u00e9cran facial Classe 1. Protection arc-flash, isolation jusqu\u2019\u00e0 20 kV, confort et s\u00e9curit\u00e9 pour \u00e9lectriciens.","og_url":"https:\/\/www.radper.com\/fr\/catalogues\/epi-outillage\/epi\/protection-des-yeux-et-de-la-tete-equipements-de-securite\/casque-avec-ecran-facial-integre-blanc-mo-185-bl-catu\/","og_site_name":"Radper","article_modified_time":"2025-08-11T10:17:45+00:00","og_image":[{"width":600,"height":600,"url":"https:\/\/www.radper.com\/wp-content\/uploads\/2022\/12\/CATU_MO-185-BL_PIC001.jpg","type":"image\/jpeg"}],"twitter_card":"summary_large_image","twitter_misc":{"Dur\u00e9e de lecture estim\u00e9e":"3 minutes"},"schema":{"@context":"https:\/\/schema.org","@graph":[{"@type":"WebPage","@id":"https:\/\/www.radper.com\/fr\/catalogues\/epi-outillage\/epi\/protection-des-yeux-et-de-la-tete-equipements-de-securite\/casque-avec-ecran-facial-integre-blanc-mo-185-bl-catu\/","url":"https:\/\/www.radper.com\/fr\/catalogues\/epi-outillage\/epi\/protection-des-yeux-et-de-la-tete-equipements-de-securite\/casque-avec-ecran-facial-integre-blanc-mo-185-bl-catu\/","name":"Casque avec \u00e9cran facial int\u00e9gr\u00e9 blanc MO-185-BL CATU - Radper","isPartOf":{"@id":"https:\/\/www.radper.com\/fr\/#website"},"primaryImageOfPage":{"@id":"https:\/\/www.radper.com\/fr\/catalogues\/epi-outillage\/epi\/protection-des-yeux-et-de-la-tete-equipements-de-securite\/casque-avec-ecran-facial-integre-blanc-mo-185-bl-catu\/#primaryimage"},"image":{"@id":"https:\/\/www.radper.com\/fr\/catalogues\/epi-outillage\/epi\/protection-des-yeux-et-de-la-tete-equipements-de-securite\/casque-avec-ecran-facial-integre-blanc-mo-185-bl-catu\/#primaryimage"},"thumbnailUrl":"https:\/\/www.radper.com\/wp-content\/uploads\/2022\/12\/CATU_MO-185-BL_PIC001.jpg","datePublished":"2022-12-06T13:46:52+00:00","dateModified":"2025-08-11T10:17:45+00:00","description":"Casque MO-185-BL CATU avec \u00e9cran facial Classe 1. Protection arc-flash, isolation jusqu\u2019\u00e0 20 kV, confort et s\u00e9curit\u00e9 pour \u00e9lectriciens.","breadcrumb":{"@id":"https:\/\/www.radper.com\/fr\/catalogues\/epi-outillage\/epi\/protection-des-yeux-et-de-la-tete-equipements-de-securite\/casque-avec-ecran-facial-integre-blanc-mo-185-bl-catu\/#breadcrumb"},"inLanguage":"fr-FR","potentialAction":[{"@type":"ReadAction","target":["https:\/\/www.radper.com\/fr\/catalogues\/epi-outillage\/epi\/protection-des-yeux-et-de-la-tete-equipements-de-securite\/casque-avec-ecran-facial-integre-blanc-mo-185-bl-catu\/"]}]},{"@type":"ImageObject","inLanguage":"fr-FR","@id":"https:\/\/www.radper.com\/fr\/catalogues\/epi-outillage\/epi\/protection-des-yeux-et-de-la-tete-equipements-de-securite\/casque-avec-ecran-facial-integre-blanc-mo-185-bl-catu\/#primaryimage","url":"https:\/\/www.radper.com\/wp-content\/uploads\/2022\/12\/CATU_MO-185-BL_PIC001.jpg","contentUrl":"https:\/\/www.radper.com\/wp-content\/uploads\/2022\/12\/CATU_MO-185-BL_PIC001.jpg","width":600,"height":600},{"@type":"BreadcrumbList","@id":"https:\/\/www.radper.com\/fr\/catalogues\/epi-outillage\/epi\/protection-des-yeux-et-de-la-tete-equipements-de-securite\/casque-avec-ecran-facial-integre-blanc-mo-185-bl-catu\/#breadcrumb","itemListElement":[{"@type":"ListItem","position":1,"name":"Accueil","item":"https:\/\/www.radper.com\/fr\/"},{"@type":"ListItem","position":2,"name":"Catalogue","item":"https:\/\/www.radper.com\/fr\/catalogue\/"},{"@type":"ListItem","position":3,"name":"Casque avec \u00e9cran facial int\u00e9gr\u00e9 blanc MO-185-BL CATU"}]},{"@type":"WebSite","@id":"https:\/\/www.radper.com\/fr\/#website","url":"https:\/\/www.radper.com\/fr\/","name":"Radper","description":"","publisher":{"@id":"https:\/\/www.radper.com\/fr\/#organization"},"potentialAction":[{"@type":"SearchAction","target":{"@type":"EntryPoint","urlTemplate":"https:\/\/www.radper.com\/fr\/?s={search_term_string}"},"query-input":{"@type":"PropertyValueSpecification","valueRequired":true,"valueName":"search_term_string"}}],"inLanguage":"fr-FR"},{"@type":"Organization","@id":"https:\/\/www.radper.com\/fr\/#organization","name":"radper","url":"https:\/\/www.radper.com\/fr\/","logo":{"@type":"ImageObject","inLanguage":"fr-FR","@id":"https:\/\/www.radper.com\/fr\/#\/schema\/logo\/image\/","url":"https:\/\/radper.com\/wp-content\/uploads\/2021\/04\/logo-wide-11.png","contentUrl":"https:\/\/radper.com\/wp-content\/uploads\/2021\/04\/logo-wide-11.png","width":250,"height":110,"caption":"radper"},"image":{"@id":"https:\/\/www.radper.com\/fr\/#\/schema\/logo\/image\/"}}]}},"_links":{"self":[{"href":"https:\/\/www.radper.com\/fr\/wp-json\/wp\/v2\/product\/27928","targetHints":{"allow":["GET"]}}],"collection":[{"href":"https:\/\/www.radper.com\/fr\/wp-json\/wp\/v2\/product"}],"about":[{"href":"https:\/\/www.radper.com\/fr\/wp-json\/wp\/v2\/types\/product"}],"wp:featuredmedia":[{"embeddable":true,"href":"https:\/\/www.radper.com\/fr\/wp-json\/wp\/v2\/media\/27218"}],"wp:attachment":[{"href":"https:\/\/www.radper.com\/fr\/wp-json\/wp\/v2\/media?parent=27928"}],"wp:term":[{"taxonomy":"product_brand","embeddable":true,"href":"https:\/\/www.radper.com\/fr\/wp-json\/wp\/v2\/product_brand?post=27928"},{"taxonomy":"product_cat","embeddable":true,"href":"https:\/\/www.radper.com\/fr\/wp-json\/wp\/v2\/product_cat?post=27928"},{"taxonomy":"product_tag","embeddable":true,"href":"https:\/\/www.radper.com\/fr\/wp-json\/wp\/v2\/product_tag?post=27928"}],"curies":[{"name":"wp","href":"https:\/\/api.w.org\/{rel}","templated":true}]}}